{"id":39950,"date":"2022-04-01T10:21:25","date_gmt":"2022-04-01T08:21:25","guid":{"rendered":"https:\/\/www.joyeriajael.es\/history\/"},"modified":"2023-09-19T09:54:50","modified_gmt":"2023-09-19T07:54:50","slug":"history","status":"publish","type":"page","link":"https:\/\/www.joyeriajael.es\/en\/history\/","title":{"rendered":"History"},"content":{"rendered":"\t\t<div data-elementor-type=\"wp-page\" data-elementor-id=\"39950\" class=\"elementor elementor-39950 elementor-35126\" data-elementor-post-type=\"page\">\n\t\t\t\t\t\t<section class=\"elementor-section elementor-top-section elementor-element elementor-element-58f78f2 elementor-section-full_width elementor-section-height-default elementor-section-height-default\" data-id=\"58f78f2\" data-element_type=\"section\" data-e-type=\"section\">\n\t\t\t\t\t\t<div class=\"elementor-container elementor-column-gap-default\">\n\t\t\t\t\t<div class=\"elementor-column elementor-col-100 elementor-top-column elementor-element elementor-element-2cd606f\" data-id=\"2cd606f\" data-element_type=\"column\" data-e-type=\"column\">\n\t\t\t<div class=\"elementor-widget-wrap elementor-element-populated\">\n\t\t\t\t\t\t<div class=\"elementor-element elementor-element-18ef02d elementor-widget elementor-widget-ideapark-page-header\" data-id=\"18ef02d\" data-element_type=\"widget\" data-e-type=\"widget\" data-widget_type=\"ideapark-page-header.default\">\n\t\t\t\t<div class=\"elementor-widget-container\">\n\t\t\t\t\t<header class=\"l-section c-page-header\"><h1 class=\"c-page-header__title\">History<\/h1><\/header>\t\t\t\t<\/div>\n\t\t\t\t<\/div>\n\t\t\t\t\t<\/div>\n\t\t<\/div>\n\t\t\t\t\t<\/div>\n\t\t<\/section>\n\t\t\t\t<section class=\"elementor-section elementor-top-section elementor-element elementor-element-d9eae05 elementor-section-full_width elementor-section-height-default elementor-section-height-default\" data-id=\"d9eae05\" data-element_type=\"section\" data-e-type=\"section\">\n\t\t\t\t\t\t<div class=\"elementor-container elementor-column-gap-default\">\n\t\t\t\t\t<div class=\"elementor-column elementor-col-100 elementor-top-column elementor-element elementor-element-f8a03f9\" data-id=\"f8a03f9\" data-element_type=\"column\" data-e-type=\"column\">\n\t\t\t<div class=\"elementor-widget-wrap elementor-element-populated\">\n\t\t\t\t\t\t<section class=\"elementor-section elementor-inner-section elementor-element elementor-element-6ba8ac9 elementor-section-boxed elementor-section-height-default elementor-section-height-default\" data-id=\"6ba8ac9\" data-element_type=\"section\" data-e-type=\"section\" data-settings=\"{&quot;background_background&quot;:&quot;classic&quot;}\">\n\t\t\t\t\t\t<div class=\"elementor-container elementor-column-gap-default\">\n\t\t\t\t\t<div class=\"elementor-column elementor-col-100 elementor-inner-column elementor-element elementor-element-e3075aa\" data-id=\"e3075aa\" data-element_type=\"column\" data-e-type=\"column\" data-settings=\"{&quot;background_background&quot;:&quot;classic&quot;}\">\n\t\t\t<div class=\"elementor-widget-wrap elementor-element-populated\">\n\t\t\t\t\t\t<div class=\"elementor-element elementor-element-f7d1aaf elementor-widget elementor-widget-ideapark-heading\" data-id=\"f7d1aaf\" data-element_type=\"widget\" data-e-type=\"widget\" data-widget_type=\"ideapark-heading.default\">\n\t\t\t\t<div class=\"elementor-widget-container\">\n\t\t\t\t\t<div class=\"c-ip-heading c-ip-heading--large c-ip-heading--center c-ip-heading--bullet-after\"><div class=\"c-ip-heading__inner\">A saga of jewelers<\/div><\/div>\t\t\t\t<\/div>\n\t\t\t\t<\/div>\n\t\t\t\t<div class=\"elementor-element elementor-element-a3311ab elementor-widget elementor-widget-text-editor\" data-id=\"a3311ab\" data-element_type=\"widget\" data-e-type=\"widget\" data-widget_type=\"text-editor.default\">\n\t\t\t\t\t\t\t\t\t<p>The history of<strong> Jael Joyer\u00eda<\/strong> is that of a saga of jewelers born in Cedeira (A Coru\u00f1a) more than half a century ago. In 1952, the brothers Ricardo and Aladino Fern\u00e1ndez Aneiros began their professional career in their father&#8217;s house taking care of jewelry orders in quite precarious conditions.<\/p><p>Only two years later, the fame of their good work allowed them to open a jewelry and watchmaking workshop in Ferrol, the seed of what in its second generation is already linked to such representative establishments as Jael Jewelry, in Santiago and A Coru\u00f1a.<\/p>\t\t\t\t\t\t\t\t<\/div>\n\t\t\t\t\t<\/div>\n\t\t<\/div>\n\t\t\t\t\t<\/div>\n\t\t<\/section>\n\t\t\t\t<section class=\"elementor-section elementor-inner-section elementor-element elementor-element-91d7521 elementor-section-full_width elementor-section-height-default elementor-section-height-default\" data-id=\"91d7521\" data-element_type=\"section\" data-e-type=\"section\">\n\t\t\t\t\t\t<div class=\"elementor-container elementor-column-gap-no\">\n\t\t\t\t\t<div class=\"elementor-column elementor-col-50 elementor-inner-column elementor-element elementor-element-5793eca\" data-id=\"5793eca\" data-element_type=\"column\" data-e-type=\"column\">\n\t\t\t<div class=\"elementor-widget-wrap elementor-element-populated\">\n\t\t\t\t\t\t<div class=\"elementor-element elementor-element-5952ad3 elementor-widget elementor-widget-ideapark-heading\" data-id=\"5952ad3\" data-element_type=\"widget\" data-e-type=\"widget\" data-widget_type=\"ideapark-heading.default\">\n\t\t\t\t<div class=\"elementor-widget-container\">\n\t\t\t\t\t<div class=\"c-ip-heading c-ip-heading--large c-ip-heading--center c-ip-heading--bullet-after\"><div class=\"c-ip-heading__inner\">The Royal Household as a client<\/div><\/div>\t\t\t\t<\/div>\n\t\t\t\t<\/div>\n\t\t\t\t<div class=\"elementor-element elementor-element-9b09769 elementor-widget elementor-widget-text-editor\" data-id=\"9b09769\" data-element_type=\"widget\" data-e-type=\"widget\" data-widget_type=\"text-editor.default\">\n\t\t\t\t\t\t\t\t\t<p>With the expansion and start-up of their own manufacturing workshop, in 1972 the Fern\u00e1ndez brothers began to attend to orders from the Royal Household, Ministries, Heads of Government, Embassies and the Spanish Navy. Ricardo and Aladino managed to establish a seal of quality and trust that they were able to transmit to their descendants, who are responsible for their legacy at the time of the generational handover.<\/p>\t\t\t\t\t\t\t\t<\/div>\n\t\t\t\t\t<\/div>\n\t\t<\/div>\n\t\t\t\t<div class=\"elementor-column elementor-col-50 elementor-inner-column elementor-element elementor-element-dc41b63\" data-id=\"dc41b63\" data-element_type=\"column\" data-e-type=\"column\">\n\t\t\t<div class=\"elementor-widget-wrap elementor-element-populated\">\n\t\t\t\t\t\t<div class=\"elementor-element elementor-element-53840dc elementor-widget elementor-widget-spacer\" data-id=\"53840dc\" data-element_type=\"widget\" data-e-type=\"widget\" data-widget_type=\"spacer.default\">\n\t\t\t\t\t\t\t<div class=\"elementor-spacer\">\n\t\t\t<div class=\"elementor-spacer-inner\"><\/div>\n\t\t<\/div>\n\t\t\t\t\t\t<\/div>\n\t\t\t\t\t<\/div>\n\t\t<\/div>\n\t\t\t\t\t<\/div>\n\t\t<\/section>\n\t\t\t\t<section class=\"elementor-section elementor-inner-section elementor-element elementor-element-bf3b24c elementor-section-boxed elementor-section-height-default elementor-section-height-default\" data-id=\"bf3b24c\" data-element_type=\"section\" data-e-type=\"section\" data-settings=\"{&quot;background_background&quot;:&quot;classic&quot;}\">\n\t\t\t\t\t\t<div class=\"elementor-container elementor-column-gap-default\">\n\t\t\t\t\t<div class=\"elementor-column elementor-col-50 elementor-inner-column elementor-element elementor-element-1e35e99\" data-id=\"1e35e99\" data-element_type=\"column\" data-e-type=\"column\">\n\t\t\t<div class=\"elementor-widget-wrap elementor-element-populated\">\n\t\t\t\t\t\t<div class=\"elementor-element elementor-element-4b3cd1a elementor-hidden-mobile elementor-widget elementor-widget-spacer\" data-id=\"4b3cd1a\" data-element_type=\"widget\" data-e-type=\"widget\" data-widget_type=\"spacer.default\">\n\t\t\t\t\t\t\t<div class=\"elementor-spacer\">\n\t\t\t<div class=\"elementor-spacer-inner\"><\/div>\n\t\t<\/div>\n\t\t\t\t\t\t<\/div>\n\t\t\t\t\t<\/div>\n\t\t<\/div>\n\t\t\t\t<div class=\"elementor-column elementor-col-50 elementor-inner-column elementor-element elementor-element-33b5dec\" data-id=\"33b5dec\" data-element_type=\"column\" data-e-type=\"column\">\n\t\t\t<div class=\"elementor-widget-wrap elementor-element-populated\">\n\t\t\t\t\t\t<div class=\"elementor-element elementor-element-a039bfb elementor-widget elementor-widget-ideapark-heading\" data-id=\"a039bfb\" data-element_type=\"widget\" data-e-type=\"widget\" data-widget_type=\"ideapark-heading.default\">\n\t\t\t\t<div class=\"elementor-widget-container\">\n\t\t\t\t\t<div class=\"c-ip-heading c-ip-heading--large c-ip-heading--center c-ip-heading--bullet-after\"><div class=\"c-ip-heading__inner\">The generational changeover<\/div><\/div>\t\t\t\t<\/div>\n\t\t\t\t<\/div>\n\t\t\t\t<div class=\"elementor-element elementor-element-1e6d3b1 elementor-widget elementor-widget-text-editor\" data-id=\"1e6d3b1\" data-element_type=\"widget\" data-e-type=\"widget\" data-widget_type=\"text-editor.default\">\n\t\t\t\t\t\t\t\t\t<p>Ricardo&#8217;s firstborn son. Jos\u00e9 Mar\u00eda Fern\u00e1ndez began his solo career in 1994 when he opened Jael Joyer\u00eda in Santiago de Compostela, in General Pardi\u00f1as Street, already glimpsing the potential of one of the most emblematic commercial areas of the capital of Galicia.<\/p><p>The project, which was joined two years later by his wife, Esperanza Fern\u00e1ndez, began with the backing of the most prestigious brands in jewelry, watches and accessories.<\/p><p>The intention was to become a reference for the whole region in the sale of exclusive products of excellent quality.<\/p>\t\t\t\t\t\t\t\t<\/div>\n\t\t\t\t<div class=\"elementor-element elementor-element-35e0bd1 elementor-widget elementor-widget-spacer\" data-id=\"35e0bd1\" data-element_type=\"widget\" data-e-type=\"widget\" data-widget_type=\"spacer.default\">\n\t\t\t\t\t\t\t<div class=\"elementor-spacer\">\n\t\t\t<div class=\"elementor-spacer-inner\"><\/div>\n\t\t<\/div>\n\t\t\t\t\t\t<\/div>\n\t\t\t\t\t<\/div>\n\t\t<\/div>\n\t\t\t\t\t<\/div>\n\t\t<\/section>\n\t\t\t\t<section class=\"elementor-section elementor-inner-section elementor-element elementor-element-7d84330 elementor-section-full_width elementor-section-height-default elementor-section-height-default\" data-id=\"7d84330\" data-element_type=\"section\" data-e-type=\"section\">\n\t\t\t\t\t\t<div class=\"elementor-container elementor-column-gap-no\">\n\t\t\t\t\t<div class=\"elementor-column elementor-col-50 elementor-inner-column elementor-element elementor-element-a740ceb\" data-id=\"a740ceb\" data-element_type=\"column\" data-e-type=\"column\">\n\t\t\t<div class=\"elementor-widget-wrap elementor-element-populated\">\n\t\t\t\t\t\t<div class=\"elementor-element elementor-element-dcccea0 elementor-widget elementor-widget-ideapark-heading\" data-id=\"dcccea0\" data-element_type=\"widget\" data-e-type=\"widget\" data-widget_type=\"ideapark-heading.default\">\n\t\t\t\t<div class=\"elementor-widget-container\">\n\t\t\t\t\t<div class=\"c-ip-heading c-ip-heading--large c-ip-heading--center c-ip-heading--bullet-after\"><div class=\"c-ip-heading__inner\">Arrival at the modernist center of A Coru\u00f1a<\/div><\/div>\t\t\t\t<\/div>\n\t\t\t\t<\/div>\n\t\t\t\t<div class=\"elementor-element elementor-element-db8ae34 elementor-widget elementor-widget-text-editor\" data-id=\"db8ae34\" data-element_type=\"widget\" data-e-type=\"widget\" data-widget_type=\"text-editor.default\">\n\t\t\t\t\t\t\t\t\t<p>In 2007<strong> Jael Joyer\u00eda<\/strong> opened its second jewelry store in Lugo, in the emblematic Plaza de \u00c1ngel Fern\u00e1ndez G\u00f3mez, an establishment that in 2015 moved to the modernist center of A Coru\u00f1a. The expansion culminated with the opening of two new <strong>Rolex Spaces<\/strong> in Santiago and A Coru\u00f1a, the only unique points of sale of the Swiss firm in northwestern Spain.<\/p>\t\t\t\t\t\t\t\t<\/div>\n\t\t\t\t\t<\/div>\n\t\t<\/div>\n\t\t\t\t<div class=\"elementor-column elementor-col-50 elementor-inner-column elementor-element elementor-element-1cb0203\" data-id=\"1cb0203\" data-element_type=\"column\" data-e-type=\"column\">\n\t\t\t<div class=\"elementor-widget-wrap elementor-element-populated\">\n\t\t\t\t\t\t<div class=\"elementor-element elementor-element-7357cf6 elementor-hidden-mobile elementor-widget elementor-widget-spacer\" data-id=\"7357cf6\" data-element_type=\"widget\" data-e-type=\"widget\" data-widget_type=\"spacer.default\">\n\t\t\t\t\t\t\t<div class=\"elementor-spacer\">\n\t\t\t<div class=\"elementor-spacer-inner\"><\/div>\n\t\t<\/div>\n\t\t\t\t\t\t<\/div>\n\t\t\t\t\t<\/div>\n\t\t<\/div>\n\t\t\t\t\t<\/div>\n\t\t<\/section>\n\t\t\t\t<section class=\"elementor-section elementor-inner-section elementor-element elementor-element-1e1001f elementor-section-boxed elementor-section-height-default elementor-section-height-default\" data-id=\"1e1001f\" data-element_type=\"section\" data-e-type=\"section\" data-settings=\"{&quot;background_background&quot;:&quot;classic&quot;}\">\n\t\t\t\t\t\t<div class=\"elementor-container elementor-column-gap-default\">\n\t\t\t\t\t<div class=\"elementor-column elementor-col-50 elementor-inner-column elementor-element elementor-element-9228fb1\" data-id=\"9228fb1\" data-element_type=\"column\" data-e-type=\"column\">\n\t\t\t<div class=\"elementor-widget-wrap elementor-element-populated\">\n\t\t\t\t\t\t<div class=\"elementor-element elementor-element-72df23f elementor-widget elementor-widget-spacer\" data-id=\"72df23f\" data-element_type=\"widget\" data-e-type=\"widget\" data-widget_type=\"spacer.default\">\n\t\t\t\t\t\t\t<div class=\"elementor-spacer\">\n\t\t\t<div class=\"elementor-spacer-inner\"><\/div>\n\t\t<\/div>\n\t\t\t\t\t\t<\/div>\n\t\t\t\t\t<\/div>\n\t\t<\/div>\n\t\t\t\t<div class=\"elementor-column elementor-col-50 elementor-inner-column elementor-element elementor-element-c1dad40\" data-id=\"c1dad40\" data-element_type=\"column\" data-e-type=\"column\">\n\t\t\t<div class=\"elementor-widget-wrap elementor-element-populated\">\n\t\t\t\t\t\t<div class=\"elementor-element elementor-element-767c3d4 elementor-widget elementor-widget-ideapark-heading\" data-id=\"767c3d4\" data-element_type=\"widget\" data-e-type=\"widget\" data-widget_type=\"ideapark-heading.default\">\n\t\t\t\t<div class=\"elementor-widget-container\">\n\t\t\t\t\t<div class=\"c-ip-heading c-ip-heading--large c-ip-heading--center c-ip-heading--bullet-after\"><div class=\"c-ip-heading__inner\">A great team and a supportive company, the basis for success<\/div><\/div>\t\t\t\t<\/div>\n\t\t\t\t<\/div>\n\t\t\t\t<div class=\"elementor-element elementor-element-4cb9a3f elementor-widget elementor-widget-text-editor\" data-id=\"4cb9a3f\" data-element_type=\"widget\" data-e-type=\"widget\" data-widget_type=\"text-editor.default\">\n\t\t\t\t\t\t\t\t\t<p>At all times Jos\u00e9 Mar\u00eda Fern\u00e1ndez and Esperanza Fern\u00e1ndez have been fortunate to be surrounded by an excellent professional and technical team, capable of responding to the challenges of the future and of transmitting to their clientele the confidence that is the hallmark of the company.<\/p>\n<p>From the beginning, Jael Joyer\u00eda decided to get involved in social projects; the result of this are the collaborations with groups such as the <strong>Fundaci\u00f3n Andrea<\/strong> for the support of children with long term illnesses; the <strong>Federaci\u00f3n Down Galicia<\/strong>; the <strong>Asociaci\u00f3n de Padres o Tutores de Personas con diversidad Intelectual de Lugo (Aspnais)<\/strong>; or the <strong>Asociaci\u00f3n de Ayuda a Ni\u00f1os Oncol\u00f3gicos de Galicia (Asanog)<\/strong>.<\/p>\n<p>For them, she has created exclusive collections, the profits from which go to charity projects. In addition,<strong> Jael Joyer\u00eda<\/strong> is present in many sporting and <strong>cultural events<\/strong>, supporting the <strong>promotion of heritage and arts<\/strong> and the <strong>organization of golf, paddle tennis, gymnastics or horse riding tournaments<\/strong>.<\/p>\t\t\t\t\t\t\t\t<\/div>\n\t\t\t\t<div class=\"elementor-element elementor-element-9809d74 elementor-widget elementor-widget-spacer\" data-id=\"9809d74\" data-element_type=\"widget\" data-e-type=\"widget\" data-widget_type=\"spacer.default\">\n\t\t\t\t\t\t\t<div class=\"elementor-spacer\">\n\t\t\t<div class=\"elementor-spacer-inner\"><\/div>\n\t\t<\/div>\n\t\t\t\t\t\t<\/div>\n\t\t\t\t\t<\/div>\n\t\t<\/div>\n\t\t\t\t\t<\/div>\n\t\t<\/section>\n\t\t\t\t\t<\/div>\n\t\t<\/div>\n\t\t\t\t\t<\/div>\n\t\t<\/section>\n\t\t\t\t<\/div>\n\t\t","protected":false},"excerpt":{"rendered":"<p>History A saga of jewelers The history of Jael Joyer\u00eda is that of a saga of jewelers born&hellip;<\/p>\n","protected":false},"author":4,"featured_media":0,"parent":0,"menu_order":0,"comment_status":"closed","ping_status":"closed","template":"elementor_header_footer","meta":{"_acf_changed":false,"footnotes":""},"class_list":["post-39950","page","type-page","status-publish","hentry"],"acf":[],"yoast_head":"<!-- This site is optimized with the Yoast SEO Premium plugin v27.4 (Yoast SEO v27.4) - https:\/\/yoast.com\/product\/yoast-seo-premium-wordpress\/ -->\n<title>History<\/title>\n<meta name=\"description\" content=\"A saga of jewelers. The history of Jael Joyer\u00eda is that of a saga of jewelers born in Cedeira (A Coru\u00f1a) more than half a century ago.\" \/>\n<meta name=\"robots\" content=\"index, follow, max-snippet:-1, max-image-preview:large, max-video-preview:-1\" \/>\n<link rel=\"canonical\" href=\"https:\/\/www.joyeriajael.es\/en\/history\/\" \/>\n<meta property=\"og:locale\" content=\"en_US\" \/>\n<meta property=\"og:type\" content=\"article\" \/>\n<meta property=\"og:title\" content=\"History\" \/>\n<meta property=\"og:description\" content=\"A saga of jewelers. The history of Jael Joyer\u00eda is that of a saga of jewelers born in Cedeira (A Coru\u00f1a) more than half a century ago.\" \/>\n<meta property=\"og:url\" content=\"https:\/\/www.joyeriajael.es\/en\/history\/\" \/>\n<meta property=\"og:site_name\" content=\"Jael Joyer\u00eda\" \/>\n<meta property=\"article:modified_time\" content=\"2023-09-19T07:54:50+00:00\" \/>\n<meta property=\"og:image\" content=\"https:\/\/www.joyeriajael.es\/wp-content\/uploads\/2022\/05\/jael-santiago-2.jpg\" \/>\n\t<meta property=\"og:image:width\" content=\"620\" \/>\n\t<meta property=\"og:image:height\" content=\"471\" \/>\n\t<meta property=\"og:image:type\" content=\"image\/jpeg\" \/>\n<meta name=\"twitter:card\" content=\"summary_large_image\" \/>\n<!-- \/ Yoast SEO Premium plugin. -->","yoast_head_json":{"title":"History","description":"A saga of jewelers. The history of Jael Joyer\u00eda is that of a saga of jewelers born in Cedeira (A Coru\u00f1a) more than half a century ago.","robots":{"index":"index","follow":"follow","max-snippet":"max-snippet:-1","max-image-preview":"max-image-preview:large","max-video-preview":"max-video-preview:-1"},"canonical":"https:\/\/www.joyeriajael.es\/en\/history\/","og_locale":"en_US","og_type":"article","og_title":"History","og_description":"A saga of jewelers. The history of Jael Joyer\u00eda is that of a saga of jewelers born in Cedeira (A Coru\u00f1a) more than half a century ago.","og_url":"https:\/\/www.joyeriajael.es\/en\/history\/","og_site_name":"Jael Joyer\u00eda","article_modified_time":"2023-09-19T07:54:50+00:00","og_image":[{"width":620,"height":471,"url":"https:\/\/www.joyeriajael.es\/wp-content\/uploads\/2022\/05\/jael-santiago-2.jpg","type":"image\/jpeg"}],"twitter_card":"summary_large_image","schema":{"@context":"https:\/\/schema.org","@graph":[{"@type":"WebPage","@id":"https:\/\/www.joyeriajael.es\/en\/history\/","url":"https:\/\/www.joyeriajael.es\/en\/history\/","name":"History","isPartOf":{"@id":"https:\/\/www.joyeriajael.es\/en\/#website"},"datePublished":"2022-04-01T08:21:25+00:00","dateModified":"2023-09-19T07:54:50+00:00","description":"A saga of jewelers. The history of Jael Joyer\u00eda is that of a saga of jewelers born in Cedeira (A Coru\u00f1a) more than half a century ago.","breadcrumb":{"@id":"https:\/\/www.joyeriajael.es\/en\/history\/#breadcrumb"},"inLanguage":"en-US","potentialAction":[{"@type":"ReadAction","target":["https:\/\/www.joyeriajael.es\/en\/history\/"]}]},{"@type":"BreadcrumbList","@id":"https:\/\/www.joyeriajael.es\/en\/history\/#breadcrumb","itemListElement":[{"@type":"ListItem","position":1,"name":"Portada","item":"https:\/\/www.joyeriajael.es\/en\/"},{"@type":"ListItem","position":2,"name":"History"}]},{"@type":"WebSite","@id":"https:\/\/www.joyeriajael.es\/en\/#website","url":"https:\/\/www.joyeriajael.es\/en\/","name":"Jael Joyer\u00eda","description":"Jael Joyer\u00eda en Santiago de Compostela y A Coru\u00f1a. Primeras marcas, firmas exclusivas, \u00fanico concesionario autorizado de Rolex en la provincia de A Coru\u00f1a.","publisher":{"@id":"https:\/\/www.joyeriajael.es\/en\/#organization"},"alternateName":"Jael","potentialAction":[{"@type":"SearchAction","target":{"@type":"EntryPoint","urlTemplate":"https:\/\/www.joyeriajael.es\/en\/?s={search_term_string}"},"query-input":{"@type":"PropertyValueSpecification","valueRequired":true,"valueName":"search_term_string"}}],"inLanguage":"en-US"},{"@type":"Organization","@id":"https:\/\/www.joyeriajael.es\/en\/#organization","name":"Jael","alternateName":"Jael joyer\u00eda","url":"https:\/\/www.joyeriajael.es\/en\/","logo":{"@type":"ImageObject","inLanguage":"en-US","@id":"https:\/\/www.joyeriajael.es\/en\/#\/schema\/logo\/image\/","url":"https:\/\/www.joyeriajael.es\/wp-content\/uploads\/2024\/07\/cropped-favicon-1.png","contentUrl":"https:\/\/www.joyeriajael.es\/wp-content\/uploads\/2024\/07\/cropped-favicon-1.png","width":512,"height":512,"caption":"Jael"},"image":{"@id":"https:\/\/www.joyeriajael.es\/en\/#\/schema\/logo\/image\/"}}]}},"_links":{"self":[{"href":"https:\/\/www.joyeriajael.es\/en\/wp-json\/wp\/v2\/pages\/39950","targetHints":{"allow":["GET"]}}],"collection":[{"href":"https:\/\/www.joyeriajael.es\/en\/wp-json\/wp\/v2\/pages"}],"about":[{"href":"https:\/\/www.joyeriajael.es\/en\/wp-json\/wp\/v2\/types\/page"}],"author":[{"embeddable":true,"href":"https:\/\/www.joyeriajael.es\/en\/wp-json\/wp\/v2\/users\/4"}],"replies":[{"embeddable":true,"href":"https:\/\/www.joyeriajael.es\/en\/wp-json\/wp\/v2\/comments?post=39950"}],"version-history":[{"count":2,"href":"https:\/\/www.joyeriajael.es\/en\/wp-json\/wp\/v2\/pages\/39950\/revisions"}],"predecessor-version":[{"id":65784,"href":"https:\/\/www.joyeriajael.es\/en\/wp-json\/wp\/v2\/pages\/39950\/revisions\/65784"}],"wp:attachment":[{"href":"https:\/\/www.joyeriajael.es\/en\/wp-json\/wp\/v2\/media?parent=39950"}],"curies":[{"name":"wp","href":"https:\/\/api.w.org\/{rel}","templated":true}]}}